{"id":2471,"date":"2021-10-15T10:07:11","date_gmt":"2021-10-15T08:07:11","guid":{"rendered":"https:\/\/www.runtosanremo.it\/info-nouveau\/"},"modified":"2021-10-20T17:30:36","modified_gmt":"2021-10-20T15:30:36","slug":"qui-nous-sommes","status":"publish","type":"page","link":"https:\/\/www.runtosanremo.it\/fr\/qui-nous-sommes\/","title":{"rendered":"A propos de nous"},"content":{"rendered":"<p>[et_pb_section fb_built=\u00a0\u00bb1&Prime; fullwidth=\u00a0\u00bbon\u00a0\u00bb _builder_version=\u00a0\u00bb4.11.1&Prime; _module_preset=\u00a0\u00bbdefault\u00a0\u00bb global_colors_info=\u00a0\u00bb{}\u00a0\u00bb][et_pb_fullwidth_image src=\u00a0\u00bbhttps:\/\/www.runtosanremo.it\/wp-content\/uploads\/2021\/10\/chi-siamo-BannerTop2022.jpg\u00a0\u00bb title_text=\u00a0\u00bb\u00e0 propos de nous-BannerTop2022&Prime; src_tablet=\u00a0\u00bb\u00a0\u00bb src_phone=\u00a0\u00bbhttps:\/\/www.runtosanremo.it\/wp-content\/uploads\/2021\/10\/info-BannerTop2022-1200&#215;1000-1.jpg\u00a0\u00bb src_last_edited=\u00a0\u00bbon|tablet\u00a0\u00bb _builder_version=\u00a0\u00bb4.11.3&Prime; _module_preset=\u00a0\u00bbdefault\u00a0\u00bb global_colors_info=\u00a0\u00bb{}\u00a0\u00bb][\/et_pb_fullwidth_image][\/et_pb_section][et_pb_section fb_built=\u00a0\u00bb1&Prime; _builder_version=\u00a0\u00bb4.11.1&Prime; _module_preset=\u00a0\u00bbdefault\u00a0\u00bb global_colors_info=\u00a0\u00bb{}\u00a0\u00bb][et_pb_row _builder_version=\u00a0\u00bb4.11.1&Prime; _module_preset=\u00a0\u00bbdefault\u00a0\u00bb module_alignment=\u00a0\u00bbcenter\u00a0\u00bb custom_margin=\u00a0\u00bb0px|0px|30px|0px|false|false\u00a0\u00bb custom_padding=\u00a0\u00bb0px|0px|0px|0px|false|false\u00a0\u00bb global_colors_info=\u00a0\u00bb{}\u00a0\u00bb][et_pb_column type=\u00a0\u00bb4_4&Prime; _builder_version=\u00a0\u00bb4.11.1&Prime; _module_preset=\u00a0\u00bbdefault\u00a0\u00bb global_colors_info=\u00a0\u00bb{}\u00a0\u00bb][et_pb_text _builder_version=\u00a0\u00bb4.11.1&Prime; _module_preset=\u00a0\u00bbdefault\u00a0\u00bb text_font_size=\u00a0\u00bb18px\u00a0\u00bb text_line_height=\u00a0\u00bb2em\u00a0\u00bb header_font_size=\u00a0\u00bb60px\u00a0\u00bb global_colors_info=\u00a0\u00bb{}\u00a0\u00bb]<\/p>\n<h1 style=%22text-align: center;%22><span style=%22color: #0099ff;%22>A propos de nous<\/span><\/h1>\n<p style=%22text-align: justify;%22><strong>RUN to Sanremo<\/strong> est une r\u00e9alisation de  <a href=%22https:\/\/www.wonder.travel\/%22>Nyala Wonder Travel (NWT)<\/a>, pour faciliter l&rsquo;arriv\u00e9e de touristes qualifi\u00e9s et motiv\u00e9s, comme ceux des comp\u00e9titions sportives, dans la zone de la Riviera dei Fiori.  <strong>RUN to Sanremo<\/strong> voit dans son organisation des clubs sportifs capables de mettre en place la promotion et l&rsquo;organisation d&rsquo;\u00e9v\u00e9nements sportifs de diff\u00e9rentes disciplines.<a href=%22#Sanremo_Marathon_la_Maratona_di_Sanremo%22><\/a><\/p>\n<p>[\/et_pb_text][\/et_pb_column][\/et_pb_row][et_pb_row _builder_version=\u00a0\u00bb4.11.1&Prime; _module_preset=\u00a0\u00bbdefault\u00a0\u00bb module_alignment=\u00a0\u00bbcenter\u00a0\u00bb custom_margin=\u00a0\u00bb0px|0px|100px|0px|false|false\u00a0\u00bb custom_padding=\u00a0\u00bb0px|0px|0px|0px|false|false\u00a0\u00bb global_colors_info=\u00a0\u00bb{}\u00a0\u00bb][et_pb_column type=\u00a0\u00bb4_4&Prime; _builder_version=\u00a0\u00bb4.11.1&Prime; _module_preset=\u00a0\u00bbdefault\u00a0\u00bb global_colors_info=\u00a0\u00bb{}\u00a0\u00bb][et_pb_text _builder_version=\u00a0\u00bb4.11.1&Prime; _module_preset=\u00a0\u00bbdefault\u00a0\u00bb text_font_size=\u00a0\u00bb18px\u00a0\u00bb text_line_height=\u00a0\u00bb2em\u00a0\u00bb header_font_size=\u00a0\u00bb40px\u00a0\u00bb global_colors_info=\u00a0\u00bb{}\u00a0\u00bb]<\/p>\n<h1 style=%22text-align: center;%22>Les activit\u00e9s mises en \u0153uvre sont :<\/h1>\n<p style=%22text-align: center;%22><a href=%22#Granfondo_Sanremo%E2%80%93Sanremo_la_Classicissima%22>Granfondo Sanremo-Sanremo la Classicissima<\/a><br \/><a href=%22#Festival_del_Rugby%22>Festival de rugby<\/a><br \/><a href=%22#Granfondo_Milano%E2%80%93Sanremo%22>Granfondo Milan-San Remo<\/a><br \/><a href=%22#Run_for_the_Whales%22>Semi-marathon Run for the Whales<\/a><br \/><a href=%22#Sanremo_Marathon_la_Maratona_di_Sanremo%22>Marathon de Sanremo, le marathon de Sanremo<\/a><\/p>\n<p>[\/et_pb_text][\/et_pb_column][\/et_pb_row][et_pb_row column_structure=\u00a0\u00bb2_5,3_5&Prime; _builder_version=\u00a0\u00bb4.11.1&Prime; _module_preset=\u00a0\u00bbdefault\u00a0\u00bb module_alignment=\u00a0\u00bbcenter\u00a0\u00bb custom_margin=\u00a0\u00bb0px|0px|100px|0px|false|false\u00a0\u00bb custom_padding=\u00a0\u00bb0px|0px|0px|0px|false|false\u00a0\u00bb global_colors_info=\u00a0\u00bb{}\u00a0\u00bb][et_pb_column type=\u00a0\u00bb2_5&Prime; _builder_version=\u00a0\u00bb4.11.1&Prime; _module_preset=\u00a0\u00bbdefault\u00a0\u00bb global_colors_info=\u00a0\u00bb{}\u00a0\u00bb][et_pb_image src=\u00a0\u00bbhttps:\/\/www.runtosanremo.it\/wp-content\/uploads\/2021\/10\/Granfondo-sanremo-sanremo-Foto-INFO-2022-1200&#215;1200-1.jpg\u00a0\u00bb title_text=\u00a0\u00bbGranfondo-sanremo-sanremo-Foto-INFO-2022-1200&#215;1200&Prime; align=\u00a0\u00bbcenter\u00a0\u00bb force_fullwidth=\u00a0\u00bbon\u00a0\u00bb _builder_version=\u00a0\u00bb4.11.1&Prime; _module_preset=\u00a0\u00bbdefault\u00a0\u00bb module_alignment=\u00a0\u00bbcenter\u00a0\u00bb global_colors_info=\u00a0\u00bb{}\u00a0\u00bb][\/et_pb_image][\/et_pb_column][et_pb_column type=\u00a0\u00bb3_5&Prime; _builder_version=\u00a0\u00bb4.11.1&Prime; _module_preset=\u00a0\u00bbdefault\u00a0\u00bb global_colors_info=\u00a0\u00bb{}\u00a0\u00bb][et_pb_text module_id=\u00a0\u00bbGranfondo_Sanremo\u2013Sanremo_la_Classicissima\u00a0\u00bb _builder_version=\u00a0\u00bb4.11.1&Prime; _module_preset=\u00a0\u00bbdefault\u00a0\u00bb text_font_size=\u00a0\u00bb18px\u00a0\u00bb text_line_height=\u00a0\u00bb2em\u00a0\u00bb header_font_size=\u00a0\u00bb40px\u00a0\u00bb global_colors_info=\u00a0\u00bb{}\u00a0\u00bb]<\/p>\n<h1>Granfondo Sanremo<\/h1>\n<h1>Sanremo la Classicissima<\/h1>\n<p style=%22text-align: justify;%22>Le Granfondo Sanremo &#8211; Sanremo la Classicissima est l&rsquo;occasion pour les vrais amateurs de grand cyclisme de vivre l&rsquo;atmosph\u00e8re \u00e9lectrisante du grand cyclisme Milan &#8211; Sanremo, de pouvoir concourir en premi\u00e8re personne sur les routes foul\u00e9es par les plus grands champions, ainsi que d&rsquo;appr\u00e9cier l&rsquo;hospitalit\u00e9 de Sanremo et de son territoire.<\/p>\n<p style=%22text-align: left;%22>La p\u00e9riode de r\u00e9f\u00e9rence pour le Granfondo Sanremo-Sanremo %22la Classicissima%22 est le mois de mars, le jour suivant la course professionnelle.<br \/><em>Plus d&rsquo;informations sur <a href=%22http:\/\/www.classicissima.it%22>www.Classicissima.it<\/a>.<\/em><\/p>\n<p>[\/et_pb_text][\/et_pb_column][\/et_pb_row][et_pb_row column_structure=\u00a0\u00bb2_5,3_5&Prime; _builder_version=\u00a0\u00bb4.11.1&Prime; _module_preset=\u00a0\u00bbdefault\u00a0\u00bb module_alignment=\u00a0\u00bbcenter\u00a0\u00bb custom_margin=\u00a0\u00bb0px|0px|100px|0px|false|false\u00a0\u00bb custom_padding=\u00a0\u00bb0px|0px|0px|0px|false|false\u00a0\u00bb global_colors_info=\u00a0\u00bb{}\u00a0\u00bb][et_pb_column type=\u00a0\u00bb2_5&Prime; _builder_version=\u00a0\u00bb4.11.1&Prime; _module_preset=\u00a0\u00bbdefault\u00a0\u00bb global_colors_info=\u00a0\u00bb{}\u00a0\u00bb][et_pb_image src=\u00a0\u00bbhttps:\/\/www.runtosanremo.it\/wp-content\/uploads\/2021\/10\/Sanremo-Rugby-Foto-INFO-2022-1200&#215;1200-1.jpg\u00a0\u00bb title_text=\u00a0\u00bbSanremo-Rugby-Foto-INFO-2022-1200&#215;1200&Prime; force_fullwidth=\u00a0\u00bbon\u00a0\u00bb _builder_version=\u00a0\u00bb4.11.1&Prime; _module_preset=\u00a0\u00bbdefault\u00a0\u00bb module_alignment=\u00a0\u00bbcenter\u00a0\u00bb global_colors_info=\u00a0\u00bb{}\u00a0\u00bb][\/et_pb_image][\/et_pb_column][et_pb_column type=\u00a0\u00bb3_5&Prime; _builder_version=\u00a0\u00bb4.11.1&Prime; _module_preset=\u00a0\u00bbdefault\u00a0\u00bb global_colors_info=\u00a0\u00bb{}\u00a0\u00bb][et_pb_text module_id=\u00a0\u00bbFestival_del_Rugby\u00a0\u00bb _builder_version=\u00a0\u00bb4.11.1&Prime; _module_preset=\u00a0\u00bbdefault\u00a0\u00bb text_font_size=\u00a0\u00bb18px\u00a0\u00bb text_line_height=\u00a0\u00bb2em\u00a0\u00bb header_font_size=\u00a0\u00bb40px\u00a0\u00bb global_colors_info=\u00a0\u00bb{}\u00a0\u00bb]<\/p>\n<h1>Festival de rugby<\/h1>\n<p style=%22text-align: justify;%22>Une grande f\u00eate pour le sport dont la popularit\u00e9 augmente le plus rapidement. Un \u00e9v\u00e9nement unique en son genre, des \u00e9quipes nationales et internationales jouant sur des sc\u00e8nes de premier ordre, le tout dans la perle de la Riviera dei Fiori : Sanremo. Une r\u00e9gion n\u00e9vralgique et en plein d\u00e9veloppement pour le monde du rugby, \u00e0 quelques pas de la France o\u00f9 le ballon ovale fait la loi, trouve enfin un \u00e9v\u00e9nement important avec une empreinte touristique marqu\u00e9e. Il faut rappeler que non loin de San Remo, dans le cimeti\u00e8re du Vieux Ch\u00e2teau de Menton, repose William Web Ellis, le cr\u00e9ateur original du rugby. Les t\u00e9moignages internationaux, les activit\u00e9s culturelles d&rsquo;accompagnement, les tiers temps riches et l&rsquo;interaction avec le territoire seront uniques et innovants.<\/p>\n<p>La p\u00e9riode du festival de rugby est le week-end des Rameaux.<br \/><em>Plus d&rsquo;informations sur <a href=%22http:\/\/www.sanremorugby.it%22>www.SanremoRugby.it<\/a>.<\/em><\/p>\n<p>[\/et_pb_text][\/et_pb_column][\/et_pb_row][et_pb_row column_structure=\u00a0\u00bb2_5,3_5&Prime; _builder_version=\u00a0\u00bb4.11.1&Prime; _module_preset=\u00a0\u00bbdefault\u00a0\u00bb module_alignment=\u00a0\u00bbcenter\u00a0\u00bb custom_margin=\u00a0\u00bb0px|0px|100px|0px|false|false\u00a0\u00bb custom_padding=\u00a0\u00bb0px|0px|0px|0px|false|false\u00a0\u00bb global_colors_info=\u00a0\u00bb{}\u00a0\u00bb][et_pb_column type=\u00a0\u00bb2_5&Prime; _builder_version=\u00a0\u00bb4.11.1&Prime; _module_preset=\u00a0\u00bbdefault\u00a0\u00bb global_colors_info=\u00a0\u00bb{}\u00a0\u00bb][et_pb_image src=\u00a0\u00bbhttps:\/\/www.runtosanremo.it\/wp-content\/uploads\/2021\/10\/Granfondo-milano-sanremo-BannerTop2022-1200&#215;1200-1.jpg\u00a0\u00bb title_text=\u00a0\u00bbGranfondo-milano-sanremo-BannerTop2022-1200&#215;1200&Prime; force_fullwidth=\u00a0\u00bbon\u00a0\u00bb _builder_version=\u00a0\u00bb4.11.3&Prime; _module_preset=\u00a0\u00bbdefault\u00a0\u00bb module_alignment=\u00a0\u00bbcenter\u00a0\u00bb global_colors_info=\u00a0\u00bb{}\u00a0\u00bb][\/et_pb_image][\/et_pb_column][et_pb_column type=\u00a0\u00bb3_5&Prime; _builder_version=\u00a0\u00bb4.11.1&Prime; _module_preset=\u00a0\u00bbdefault\u00a0\u00bb global_colors_info=\u00a0\u00bb{}\u00a0\u00bb][et_pb_text module_id=\u00a0\u00bbGranfondo_Milano\u2013Sanremo\u00a0\u00bb _builder_version=\u00a0\u00bb4.11.1&Prime; _module_preset=\u00a0\u00bbdefault\u00a0\u00bb text_font_size=\u00a0\u00bb18px\u00a0\u00bb text_line_height=\u00a0\u00bb2em\u00a0\u00bb header_font_size=\u00a0\u00bb40px\u00a0\u00bb global_colors_info=\u00a0\u00bb{}\u00a0\u00bb]<\/p>\n<h1>Granfondo Milan &#8211; San Remo<\/h1>\n<p style=%22text-align: justify;%22>Le Granfondo Milano &#8211; Sanremo est une \u00e9preuve cycliste amateur qui se d\u00e9roule en juin et emprunte les m\u00eames routes que le Milano &#8211; Sanremo professionnel, la %22Classicissima di Primavera%22, qui ouvre le circuit international de cyclisme sur route en mars. Cr\u00e9\u00e9 en 1970, le Granfondo Milano &#8211; Sanremo part du centre de congr\u00e8s de Milanofiori, emprunte la route nationale Pavese jusqu&rsquo;au pied des Apennins, puis monte le Turchino et descend pour voir la mer pr\u00e8s de G\u00eanes. De l\u00e0, vous suivrez la route nationale Aurelia vers l&rsquo;ouest, avec les d\u00e9tours importants et exigeants de Cipressa et Poggio, jusqu&rsquo;\u00e0 la ligne d&rsquo;arriv\u00e9e \u00e0 Sanremo.<\/p>\n<p>La p\u00e9riode de r\u00e9f\u00e9rence pour le Granfondo Milano-Sanremo est le mois de juin.<br \/><em>Plus d&rsquo;informations sur <a href=%22http:\/\/www.Milano-Sanremo.org%22>www.Milano-Sanremo.org<\/a>.<\/em><\/p>\n<p>[\/et_pb_text][\/et_pb_column][\/et_pb_row][et_pb_row column_structure=\u00a0\u00bb2_5,3_5&Prime; _builder_version=\u00a0\u00bb4.11.1&Prime; _module_preset=\u00a0\u00bbdefault\u00a0\u00bb module_alignment=\u00a0\u00bbcenter\u00a0\u00bb custom_margin=\u00a0\u00bb0px|0px|100px|0px|false|false\u00a0\u00bb custom_padding=\u00a0\u00bb0px|0px|0px|0px|false|false\u00a0\u00bb global_colors_info=\u00a0\u00bb{}\u00a0\u00bb][et_pb_column type=\u00a0\u00bb2_5&Prime; _builder_version=\u00a0\u00bb4.11.1&Prime; _module_preset=\u00a0\u00bbdefault\u00a0\u00bb global_colors_info=\u00a0\u00bb{}\u00a0\u00bb][et_pb_image src=\u00a0\u00bbhttps:\/\/www.runtosanremo.it\/wp-content\/uploads\/2021\/10\/Run-Fot-The-Whale-Foto-INFO-2022-1200&#215;1200-1.jpg\u00a0\u00bb title_text=\u00a0\u00bbRun-Fot-The-Whale-Foto-INFO-2022-1200&#215;1200&Prime; force_fullwidth=\u00a0\u00bbon\u00a0\u00bb _builder_version=\u00a0\u00bb4.11.1&Prime; _module_preset=\u00a0\u00bbdefault\u00a0\u00bb module_alignment=\u00a0\u00bbcenter\u00a0\u00bb global_colors_info=\u00a0\u00bb{}\u00a0\u00bb][\/et_pb_image][\/et_pb_column][et_pb_column type=\u00a0\u00bb3_5&Prime; _builder_version=\u00a0\u00bb4.11.1&Prime; _module_preset=\u00a0\u00bbdefault\u00a0\u00bb global_colors_info=\u00a0\u00bb{}\u00a0\u00bb][et_pb_text module_id=\u00a0\u00bbRun_for_the_Whales\u00a0\u00bb _builder_version=\u00a0\u00bb4.11.1&Prime; _module_preset=\u00a0\u00bbdefault\u00a0\u00bb text_font_size=\u00a0\u00bb18px\u00a0\u00bb text_line_height=\u00a0\u00bb2em\u00a0\u00bb header_font_size=\u00a0\u00bb40px\u00a0\u00bb global_colors_info=\u00a0\u00bb{}\u00a0\u00bb]<\/p>\n<h1>Courir pour les baleines<\/h1>\n<p style=%22text-align: justify;%22>La course des baleines est un marathon caritatif visant \u00e0 sensibiliser le public aux c\u00e9tac\u00e9s qui peuplent les eaux de la Ligurie occidentale, tels que les baleines et les dauphins, et \u00e0 collecter des fonds pour leur protection et la recherche scientifique avec l&rsquo;institut Tethys ONLUS. La course pour les baleines consiste en un semi-marathon comp\u00e9titif pour les coureurs, un 10 km non comp\u00e9titif et une marche de 3 km pour tous. La course pour les baleines se d\u00e9roule sur la piste cyclable et pi\u00e9tonne de la Riviera dei Fiori, le long de la mer.<\/p>\n<p style=%22text-align: justify;%22>La p\u00e9riode de r\u00e9f\u00e9rence du marathon de Sanremo est le mois de juin, au d\u00e9but de l&rsquo;\u00e9t\u00e9, et il se d\u00e9roule avant l&rsquo;aube.<br \/><em>Plus d&rsquo;informations sur <a href=%22http:\/\/www.RunForTheWhales.it%22>www.RunForTheWhales.it<\/a>.<\/em><\/p>\n<p>[\/et_pb_text][\/et_pb_column][\/et_pb_row][et_pb_row column_structure=\u00a0\u00bb2_5,3_5&Prime; _builder_version=\u00a0\u00bb4.11.1&Prime; _module_preset=\u00a0\u00bbdefault\u00a0\u00bb module_alignment=\u00a0\u00bbcenter\u00a0\u00bb custom_margin=\u00a0\u00bb0px|0px|100px|0px|false|false\u00a0\u00bb custom_padding=\u00a0\u00bb0px|0px|0px|0px|false|false\u00a0\u00bb global_colors_info=\u00a0\u00bb{}\u00a0\u00bb][et_pb_column type=\u00a0\u00bb2_5&Prime; _builder_version=\u00a0\u00bb4.11.1&Prime; _module_preset=\u00a0\u00bbdefault\u00a0\u00bb global_colors_info=\u00a0\u00bb{}\u00a0\u00bb][et_pb_image src=\u00a0\u00bbhttps:\/\/www.runtosanremo.it\/wp-content\/uploads\/2021\/10\/Sanremo-Marathon-Foto-INFO-2022-1200&#215;1200-1.jpg\u00a0\u00bb title_text=\u00a0\u00bbSanremo-Marathon-Foto-INFO-2022-1200&#215;1200&Prime; align=\u00a0\u00bbcenter\u00a0\u00bb force_fullwidth=\u00a0\u00bbon\u00a0\u00bb _builder_version=\u00a0\u00bb4.11.1&Prime; _module_preset=\u00a0\u00bbdefault\u00a0\u00bb module_alignment=\u00a0\u00bbcenter\u00a0\u00bb custom_margin=\u00a0\u00bb0px|0px|0px|0px|false|false\u00a0\u00bb custom_padding=\u00a0\u00bb0px|0px|0px|0px|false|false\u00a0\u00bb global_colors_info=\u00a0\u00bb{}\u00a0\u00bb][\/et_pb_image][\/et_pb_column][et_pb_column type=\u00a0\u00bb3_5&Prime; _builder_version=\u00a0\u00bb4.11.1&Prime; _module_preset=\u00a0\u00bbdefault\u00a0\u00bb global_colors_info=\u00a0\u00bb{}\u00a0\u00bb][et_pb_text module_id=\u00a0\u00bbSanremo_Marathon_la_Maratona_di_Sanremo\u00a0\u00bb _builder_version=\u00a0\u00bb4.11.1&Prime; _module_preset=\u00a0\u00bbdefault\u00a0\u00bb text_font_size=\u00a0\u00bb18px\u00a0\u00bb text_line_height=\u00a0\u00bb2em\u00a0\u00bb header_font_size=\u00a0\u00bb40px\u00a0\u00bb global_colors_info=\u00a0\u00bb{}\u00a0\u00bb]<\/p>\n<h1>Marathon de Sanremo, le marathon de Sanremo<\/h1>\n<p style=%22text-align: justify;%22>\u00c0 Sanremo et le long de la Riviera cycliste, un parcours unique de 42,195 km tout en bord de mer. La course part du c\u0153ur de Sanremo, avec les participants qui, \u00e0 travers la suggestive piste cyclable-p\u00e9destre Cycling Riviera compl\u00e8tement tourn\u00e9e vers la mer, atteindront les coins les plus beaux et les plus caract\u00e9ristiques de l&rsquo;extr\u00eame ouest de la Ligurie. Un parcours tr\u00e8s rapide avec une pente de 4%, presque nulle. L&rsquo;\u00e9v\u00e9nement est compl\u00e9t\u00e9 par la session non comp\u00e9titive de 10 km et la course familiale ouverte \u00e0 tous, petits et grands.<\/p>\n<p>La p\u00e9riode de r\u00e9f\u00e9rence du marathon de Sanremo se situe au d\u00e9but du mois de d\u00e9cembre.<br \/><em>Plus d&rsquo;informations sur <a href=%22http:\/\/www.SanremoMarathon.it%22>www.SanremoMarathon.it<\/a>.<\/em><\/p>\n<p>[\/et_pb_text][\/et_pb_column][\/et_pb_row][\/et_pb_section]<\/p>\n","protected":false},"excerpt":{"rendered":"<p>A propos de nous RUN to Sanremo est une r\u00e9alisation de Nyala Wonder Travel (NWT), pour faciliter l&rsquo;arriv\u00e9e de touristes qualifi\u00e9s et motiv\u00e9s, comme ceux des comp\u00e9titions sportives, dans la zone de la Riviera dei Fiori. RUN to Sanremo voit dans son organisation des clubs sportifs capables de mettre en place la promotion et l&rsquo;organisation [&hellip;]<\/p>\n","protected":false},"author":3,"featured_media":0,"parent":0,"menu_order":0,"comment_status":"closed","ping_status":"closed","template":"","meta":{"_et_pb_use_builder":"on","_et_pb_old_content":"","_et_gb_content_width":"","footnotes":""},"class_list":["post-2471","page","type-page","status-publish","hentry"],"_links":{"self":[{"href":"https:\/\/www.runtosanremo.it\/fr\/wp-json\/wp\/v2\/pages\/2471","targetHints":{"allow":["GET"]}}],"collection":[{"href":"https:\/\/www.runtosanremo.it\/fr\/wp-json\/wp\/v2\/pages"}],"about":[{"href":"https:\/\/www.runtosanremo.it\/fr\/wp-json\/wp\/v2\/types\/page"}],"author":[{"embeddable":true,"href":"https:\/\/www.runtosanremo.it\/fr\/wp-json\/wp\/v2\/users\/3"}],"replies":[{"embeddable":true,"href":"https:\/\/www.runtosanremo.it\/fr\/wp-json\/wp\/v2\/comments?post=2471"}],"version-history":[{"count":26,"href":"https:\/\/www.runtosanremo.it\/fr\/wp-json\/wp\/v2\/pages\/2471\/revisions"}],"predecessor-version":[{"id":2862,"href":"https:\/\/www.runtosanremo.it\/fr\/wp-json\/wp\/v2\/pages\/2471\/revisions\/2862"}],"wp:attachment":[{"href":"https:\/\/www.runtosanremo.it\/fr\/wp-json\/wp\/v2\/media?parent=2471"}],"curies":[{"name":"wp","href":"https:\/\/api.w.org\/{rel}","templated":true}]}}